{"version":"1.0","provider_name":"Anyasz\u00f6rp","provider_url":"https:\/\/anyaszorp.cafeblog.hu","author_name":"Gabvak","author_url":"https:\/\/anyaszorp.cafeblog.hu\/author\/gabvak\/","title":"Praktikus t\u00e1rol\u00e1s","html":"<a href=\"https:\/\/anyaszorp.cafeblog.hu\/files\/2015\/02\/konzerv.jpg\"><img class=\"aligncenter wp-image-307 size-large\" src=\"https:\/\/anyaszorp.cafeblog.hu\/files\/2015\/02\/konzerv1.jpg\" alt=\"konzerv\" width=\"640\" height=\"502\" \/><\/a>A h\u00e9ten a <a title=\"boldogsagterv\" href=\"https:\/\/hamarferjhezmegyek.wordpress.com\/2015\/02\/04\/a-boldogsagterv\/\" target=\"_blank\">boldogs\u00e1gtervem<\/a> <a title=\"rendszer\" href=\"https:\/\/hamarferjhezmegyek.wordpress.com\/2015\/02\/20\/rendszer-az-otthonomban-szelektalas\/\" target=\"_blank\">RENDSZER AZ OTTHONOMBAN<\/a> r\u00e9sz\u00e9hez \u00e9rkeztem, \u00edgy eg\u00e9sz h\u00e9ten v\u00e1logattam, rakosgattam, helyet kerestem mindig kis m\u00fcty\u00fcr\u00f6mnek. Ez a folyamat j\u00f3 zene k\u00f6zben \u00e9s \u00e9p\u00edt\u0151 gondolatok mellett nem is rossz, \u00a0ink\u00e1bb relax\u00e1l. Nek\u00fcnk n\u0151knek am\u00fagy is van egy r\u00e9sz\u00fcnk, amely im\u00e1d rendszerezni. Nem tudom, m\u00e1sok hogy vannak vele, de \u00e9n rajongok mindenf\u00e9le t\u00e1rol\u00f3\u00e9rt, legyen az doboz vagy sz\u00fcty\u0151, kicsi vagy nagy, zsebes-tasakos, v\u00e1szon, fa, m\u0171anyag vagy fonott. \u00d6lt\u00f6ztetik az otthonomat, szem\u00e9lyes kis kuck\u00f3v\u00e1 var\u00e1zsolj\u00e1k a lak\u00e1s helyis\u00e9geit. Mellesleg minden kacat helyet tal\u00e1l benne. \u00d6sszegy\u0171jt\u00f6ttem a kedvenceim.\u00a0<!--more-->\n<h3><span style=\"color:#800080\">A v\u00e1szont\u00e1rol\u00f3k <\/span><\/h3>\na legsokoldal\u00fabbak, mert anyag\u00e1t\u00f3l f\u00fcgg\u0151en v\u00e1ltozik a st\u00edlusuk, \u00e9s nagyon sok dolog elnyelnek. beszerezhet\u0151k IKEA-ban, de rendelhet\u0151ek <a title=\"rendelhet\u0151\" href=\"https:\/\/www.facebook.com\/pages\/Kreasis-handmade\/703370213092484?fref=ts\" target=\"_blank\">ITT<\/a> is, amiben az a j\u00f3, hogy magad v\u00e1laszthatsz form\u00e1t, mint\u00e1t \u00e9s anyagot.\n\n<a href=\"https:\/\/anyaszorp.cafeblog.hu\/files\/2015\/02\/vaszon-tarolok.jpg\"><img class=\"aligncenter wp-image-301 size-large\" src=\"https:\/\/anyaszorp.cafeblog.hu\/files\/2015\/02\/vaszon-tarolok.jpg?w=640\" alt=\"vaszon tarolok\" width=\"640\" height=\"640\" \/><\/a>\n\n&nbsp;\n<h3><span style=\"color:#6d119e\">Azt\u00e1n a dobozk\u00e1k \u00e9s kosarak:-)<\/span><\/h3>\n<a href=\"https:\/\/anyaszorp.cafeblog.hu\/files\/2015\/02\/tarolo-kollage.jpg\"><img class=\"aligncenter wp-image-305 size-large\" src=\"https:\/\/anyaszorp.cafeblog.hu\/files\/2015\/02\/tarolo-kollage.jpg?w=640\" alt=\"tarolo kollage\" width=\"640\" height=\"640\" \/><\/a>\n<h3><span style=\"color:#6d119e\">A gyerekeknek mennyi-mennyi j\u00f3 dolog van! <\/span><\/h3>\nAlig v\u00e1rom, hogy legyen gyerekem, \u00e9s vehessek neki ilyeneket!:-)\n\n<a href=\"https:\/\/anyaszorp.cafeblog.hu\/files\/2015\/02\/gyerek-kolage.jpg\"><img class=\"aligncenter wp-image-302 size-large\" src=\"https:\/\/anyaszorp.cafeblog.hu\/files\/2015\/02\/gyerek-kolage.jpg?w=640\" alt=\"gyerek kolage\" width=\"640\" height=\"640\" \/><\/a>\n<h3><span style=\"color:#6d119e\">Itt egy k\u00f6nnyen elk\u00e9sz\u00edthet\u0151 csajos-csinos v\u00e1ltozat<\/span><\/h3>\nak\u00e1r aj\u00e1nd\u00e9kba is. Rajongok ez\u00e9rt a st\u00edlus\u00e9rt!\n\n<a href=\"https:\/\/anyaszorp.cafeblog.hu\/files\/2015\/02\/konzerv.jpg\"><img class=\"aligncenter wp-image-307 size-large\" src=\"https:\/\/anyaszorp.cafeblog.hu\/files\/2015\/02\/konzerv1.jpg\" alt=\"konzerv\" width=\"640\" height=\"502\" \/><\/a>\n\n&nbsp;\n<h3><span style=\"color:#6d119e\">V\u00e9g\u00fcl p\u00e1r saj\u00e1t kedvencemet meg kell mutassam, <\/span><\/h3>\nmert \u0151ket mind sz\u00e1momra fontos szem\u00e9lyekt\u0151l kaptam, \u00edgy amikor csak kiveszek bel\u0151l\u00fck valamit, \u0150k mindig velem vannak:-) Az egyik egy Marilyn Monroe-s b\u0151r\u00f6nd unokatestv\u00e9remt\u0151l, ami t\u00e1rol\u00f3doboz n\u00e1lam, a m\u00e1sik egy pl\u00fcssbevonatos \u00e9kszertart\u00f3, a harmadik egy saj\u00e1t k\u00e9sz\u00edt\u00e9s\u0171 esk\u00fcv\u0151i aj\u00e1nd\u00e9k NO1 bar\u00e1tn\u0151t\u0151l<span style=\"color:#ff0000\">\u2665\u2665\u2665\u00a0<\/span>\n\n<a href=\"https:\/\/anyaszorp.cafeblog.hu\/files\/2015\/02\/sajat.png\"><img class=\"aligncenter wp-image-303 size-large\" src=\"https:\/\/anyaszorp.cafeblog.hu\/files\/2015\/02\/sajat.png?w=640\" alt=\"sajat\" width=\"640\" height=\"213\" \/><\/a>\n\n&nbsp;\n\nA t\u00e1rol\u00f3kon k\u00edv\u00fcl nagy seg\u00edts\u00e9get jelentettek a kamp\u00f3k, \u00e9s kis fogasok. Ikea-ban bev\u00e1s\u00e1roltam egy csom\u00f3 akaszt\u00f3t. Apr\u00f3 dolog, \u00e9s pont ez\u00e9rt sok apr\u00f3s\u00e1g r\u00e1juk akaszthat\u00f3. Rajtuk l\u00f3gnak t\u00f6r\u00f6lk\u00f6z\u0151k, fejmassz\u00edroz\u00f3, vattapamacs, hajsz\u00e1r\u00edt\u00f3, tornak\u00f6t\u00e9l, p\u00f3r\u00e1z, konyhai eszk\u00f6z\u00f6k, kulcsok, \u00e9s sorolhatn\u00e1m. A l\u00e9nyeg: hogy mindennek helye legyen! :-)\n\n<a href=\"https:\/\/anyaszorp.cafeblog.hu\/files\/2015\/02\/fogasos.jpg\"><img class=\"aligncenter wp-image-308 size-large\" src=\"https:\/\/anyaszorp.cafeblog.hu\/files\/2015\/02\/fogasos.jpg?w=640\" alt=\"fogasos\" width=\"640\" height=\"640\" \/><\/a>\n\n&nbsp;","type":"rich"}