{"version":"1.0","provider_name":"Anyasz\u00f6rp","provider_url":"https:\/\/anyaszorp.cafeblog.hu","author_name":"Gabvak","author_url":"https:\/\/anyaszorp.cafeblog.hu\/author\/gabvak\/","title":"Heti \u00f6r\u00f6m\u00f6k","html":"<p><a href=\"https:\/\/anyaszorp.cafeblog.hu\/files\/2017\/05\/Heti\u00f6r\u00f6m\u00f6k.jpg\"><img class=\"size-full wp-image-3401 aligncenter\" src=\"https:\/\/anyaszorp.cafeblog.hu\/files\/2017\/05\/Heti\u00f6r\u00f6m\u00f6k.jpg\" alt=\"\" width=\"1000\" height=\"1000\" \/><\/a> Utaz\u00e1s, esk\u00fcv\u0151, \u00e9s nem is \u00e9rtem hogy lehet, de hetek \u00f3ta elfelejtettem besz\u00e1molni a legnagyobb h\u00edrr\u0151l: Megvan a rep\u00fcl\u0151jegy\u00fcnk Ciprusra! :-)<!--more--> \u2665 Bizony, augusztusban <strong>h\u00e1rmasban rep\u00fcl\u00fcnk Ciprusra k\u00e9t h\u00e9tre<\/strong>. Augusztus 20-\u00e1n indulunk! \u00a0Kolos majdnem kilenc h\u00f3napos lesz, amikor \u00e9let\u00e9ben el\u0151sz\u00f6r rep\u00fcl. Micsoda kaland lesz vele rep\u00fcl\u0151re \u00fclni! - gondoltam eg\u00e9szen eddig a h\u00e9tv\u00e9g\u00e9ig. :-) Vonattal utaztunk P\u00e9csre, egyik unokates\u00f3m esk\u00fcv\u0151j\u00e9re voltunk hivatalosak. Izgultam egy kicsit, hogy Kolos hogy fogja b\u00edrni a lakodalmat, mit sz\u00f3l a sok ismeretlen archoz, a zen\u00e9hez, \u00e9s hogy rem\u00e9lhet\u0151leg nem b\u00f6mb\u00f6l fel az ifj\u00fa p\u00e1r nagy IGEN-e alatt. K\u00f6zeli rokonr\u00f3l volt sz\u00f3, szerett\u00fcnk volna ott lenni a nagy napj\u00e1n, ez\u00e9rt \u00fagy d\u00f6nt\u00f6tt\u00fcnk, hogy utazunk. A vonat\u00fat z\u00f6kken\u0151mentes volt, mondhatni \u00e9lvezetes. Aludt, j\u00e1tszott, csod\u00e1lkozott, besz\u00e9lt, mint egy igazi utas. A hotelszob\u00e1ba \u00e9rkez\u00e9s m\u00e9g enn\u00e9l is jobban siker\u00fclt. Meg\u00e9rkezve a hatalmas \u00e1gyba huppantunk, a p\u00e1rn\u00e1k k\u00f6z\u00e9 heveredt\u00fcnk. Kolos hangos nevet\u00e9ssel nyugt\u00e1zta. Az esk\u00fcv\u0151 alatt pedig v\u00e9gig aludt, mi \u00fcnnepl\u0151ben (v\u00e9gre nem otthonk\u00e1ban:-)), \u00e9n meg is k\u00f6nnyeztem a gy\u00f6ny\u00f6r\u0171 szertart\u00e1st. Hallgatva az anyak\u00f6nyvvezet\u0151 besz\u00e9d\u00e9t el\u00e9rz\u00e9keny\u00fcltem. <strong>Eszembe jutott a mi esk\u00fcv\u0151nk, \u00e9s hogy mennyire szeretem Szabit, Kolost, hogy milyen boldogok vagyunk, \u00e9s egy\u00e9bk\u00e9nt ez a h\u00e1zass\u00e1g dolog sokkal jobban bej\u00f6tt nekem, mint ahogyan elk\u00e9pzeltem :-)<\/strong> Sz\u00f3val minden rendben zajlott, minket is feldobott, hogy \u00faj arcokat l\u00e1ttunk, s\u0151t az is, hogy kimozdultunk otthonr\u00f3l. Azt\u00e1n elkezd\u0151d\u00f6tt a lakodalom, \u00e9s Kolos itt dobta be a t\u00f6r\u00f6lk\u00f6z\u0151t, nem is ak\u00e1rhogyan. Csod\u00e1lkozott, amikor meghallotta a zen\u00e9t, azt\u00e1n j\u00f6ttek az \u00fajabb \u00e9s \u00fajabb arcok, a mulatoz\u00f3, harsona rokonok, \u00e9s ekkor elt\u00f6rt a m\u00e9cses. Alig tudtuk megvigasztalni, m\u00e1r a vacsora el\u0151tt indultunk is vissza a hotelbe. A hotelben kivettem a babakocsib\u00f3l \u00e9s tettem volna \u00e1gyba, amikor is meg\u00e9bredt, \u00e9s onnant\u00f3l kezdve \u00f3r\u00e1kig s\u00edrt, m\u00edg v\u00e9g\u00fcl \u00e9n is vele. Szabi az \u00e9jszaka k\u00f6zep\u00e9n taxival \u00fcgyeletes gy\u00f3gyszert\u00e1rat keresett. Musz\u00e1j volt beadni neki f\u00e1jdalomcsillap\u00edt\u00f3t, hogy megnyugodjon. Nagyon nehezen aludt el. Ut\u00f3lag kider\u00fclt, hogy a fogf\u00e1j\u00e1sa is mostanra tet\u0151z\u0151d\u00f6tt (az\u00f3ta is tart), plusz a zaj meg a sok \u00faj \u00e9lm\u00e9ny, tot\u00e1l betett neki. El sem tudom mondani, hogy mennyire lelkifurdal\u00e1som volt akkor \u00e9jjel. Azt\u00e1n mostanra elt\u0171nt.<strong> Nem tudhatom \u00e9n sem el\u0151re, hogy mire hogyan reag\u00e1l a gyerekem<\/strong>. Ut\u00e1nan\u00e9ztem, k\u00e9rdeztem, \u00e9s nem tal\u00e1ltam ellenjavallatot a lakodalmat illet\u0151en. Ott volt egy kisebb baba is, aki sim\u00e1n t\u0171rte a banz\u00e1jt. Sz\u00f3val ne is magyar\u00e1zkodjak tov\u00e1bb. Levontam a k\u00f6veteztet\u00e9st. Az egyik az, hogy egy \u00e9ves kor\u00e1ig Kolost nem viszem t\u00f6bbet ilyen helyre, a m\u00e1sik, hogy <strong>tudunk vele utazni, sz\u00e1llod\u00e1ban megsz\u00e1llni.<\/strong> Meg is egyezt\u00fcnk abban, hogy a k\u00f6zelj\u00f6v\u0151ben ell\u00e1togatunk p\u00e1r v\u00e1rosba \u00edgy, mert ez mindannyiunkat feldobott. Na igen, \u00e9s m\u00e9g egy k\u00f6veteztet\u00e9s: -<strong> Nem tudom mindent\u0151l meg\u00f3vni!<\/strong> Sem most, sem m\u00e1skor. Pedig nagyon szeretn\u00e9m.\u2665 \u2665 Szt\u00e1rfi\u00fank egy\u00e9bk\u00e9nt \u00e9ppen ma \u00f6t h\u00f3napos! :-) Igazi nagyfi\u00facska, \u00e9s im\u00e1dnival\u00f3! R\u00e1ad\u00e1sul egy hete est\u00e9nk\u00e9nt m\u00e1r egyed\u00fcl alszik el az \u00e1gyik\u00f3j\u00e1ban! \u00d6sszess\u00e9g\u00e9ben egyre k\u00f6nnyebb, v\u00e1ltozatosabb \u00e9s vid\u00e1mabb az \u00e9let vele, kiv\u00e9ve az olyan est\u00e9k, mint a szombati. Im\u00e1dom a nevet\u00e9s\u00e9t, a talpait, a b\u00f6lcs n\u00e9z\u00e9st \u00e9s a huncut mosoly\u00e1t. Ahogyan tapogatja az arcom, h\u00fazogatja a ruh\u00e1m, simogatja a b\u0151r\u00f6m, pr\u00f3b\u00e1lgatja a hangj\u00e1t...sorolhatn\u00e1m. \u2665 \u2665 Az anyas\u00e1g m\u00e9gis baromi neh\u00e9z. Nekem mindenk\u00e9ppen. Tele van lemond\u00e1ssal, \u00e9s kor\u00e1bban ebbe nem is tudtam belegondolni. A h\u00e9ten m\u00e1sodszor esett meg, hogy elindultam futni, \u00e9s alig ment. Az egyik alkalommal els\u00edrtam magam, \u00e9s s\u00edrva nem tudtam tov\u00e1bb futni, Ink\u00e1bb haza j\u00f6ttem, k\u00e9t csokis profiterol mellett kis\u00edrtam magam. Nem volt semmi baj, de \u00e9n \u00edgy adom ki a fesz\u00fclts\u00e9get. Ma pedig megsz\u00e9d\u00fcltem fut\u00e1s k\u00f6zben. Ez egy\u00e9bk\u00e9nt el\u00e9g gyakori, m\u00e1rmint a sz\u00e9d\u00fcl\u00e9s. Azt hiszem csak egy j\u00f3 nagy alv\u00e1sra lenne sz\u00fcks\u00e9gem. A l\u00e9nyeg, hogy a j\u00f6v\u0151 heti 13 kilom\u00e9teres fut\u00e1st nem v\u00e1llalom, lemondtam. Ha lass\u00edtani kell, akkor lass\u00edtani kell. Az anyas\u00e1g erre tan\u00edt meg legink\u00e1bb.<strong> A LoveYourBelly hasizomz\u00e1r\u00f3 gyakorlatokat viszont t\u00f6bbnyire megcsin\u00e1lom.<\/strong> Az egyharmad\u00e1n t\u00fal vagyok, letelt n\u00e9gy h\u00e9t, \u00e9s mostanra egy kicsit k\u00f6nnyebbnek is \u00e9rzem \u0151ket. M\u00e1r-m\u00e1r majdnem feladtam, de l\u00e1that\u00f3 \u00e9s \u00e9rezhet\u0151 eredm\u00e9nye van a gyakorlatoknak, \u00edgy tov\u00e1bb motiv\u00e1l\u00f3dtam. A 12. h\u00e9t v\u00e9g\u00e9n megmutatom, addig v\u00e1rnotok kell! :-) Egy\u00e9bk\u00e9nt <strong>m\u00e1r csak 61.5 kg vagyok, 18 kil\u00f3val kevesebb, mint 5 h\u00f3napja<\/strong>, \u00e9s csup\u00e1n 3-4 kil\u00f3val t\u00f6bb, mint a lombikok el\u0151tt. No \u00e9s ism\u00e9t j\u00f3g\u00e1zom, nem is keveset. Amikor csak lehet este kigur\u00edtom a matracot. A j\u00f3ga tart \u00e9letben \u00e9s l\u00e1t el mindenf\u00e9le energi\u00e1val. Ezzel itt is egy j\u00f3 h\u00edr:<\/p>\r\n<h3>- J\u00faniust\u00f3l gyerekj\u00f3g\u00e1t tartok a<a href=\"http:\/\/namaskar.hu\/\"> Namaskar J\u00f3gast\u00fadi\u00f3ban<\/a>!<\/h3>\r\n<p>Izgulok \u00e9s nagyon v\u00e1rom. Egy kicsit \u00faj kih\u00edv\u00e1s, \u00e9s csak a szombat d\u00e9lel\u0151ttr\u0151l van sz\u00f3, sz\u00f3val nem is megterhel\u0151. \u2665 Megyek is (a)ommogni egyet! :-) <strong>K\u00f6zben itt a m\u00e1jus, a maj\u00e1lis, a m\u00e1jusfa, a friss eper, a z\u00f6ldhagyma, a sal\u00e1ta, cukkini a meleg naps\u00fct\u00e9s, az orgona \u00e9s sorolhatn\u00e1m<\/strong>. H\u00e1t nem a legszebb h\u00f3napunk? Nekem ez a m\u00e1jus azt s\u00fagja, hogy hagyjam a dolgokat t\u00f6rt\u00e9nni, \u00fagy ahogyan vannak. Eleget vetettem, arattam, dolgoztam. \u00c9lvezzem a term\u00e9st egy kicsit, t\u00f6lt\u0151djek, legyek sokat a szabadban, sz\u00edvjak friss leveg\u0151t \u00e9s egyek k\u00f6nnyed, friss \u00e9teleket! Nektek mir\u0151l sz\u00f3l ez a h\u00f3nap? Sz\u00e9p hetet! Gabi\u00a0<span style=\"color: #ff0000\">\u2665<\/span> \u00a0<\/p>","type":"rich","thumbnail_url":"https:\/\/anyaszorp.cafeblog.hu\/files\/2017\/05\/Heti\u00f6r\u00f6m\u00f6k-150x150.jpg","thumbnail_width":150,"thumbnail_height":150}