{"version":"1.0","provider_name":"Anyasz\u00f6rp","provider_url":"https:\/\/anyaszorp.cafeblog.hu","author_name":"Gabvak","author_url":"https:\/\/anyaszorp.cafeblog.hu\/author\/gabvak\/","title":"Heti \u00f6r\u00f6m\u00f6k #121","html":"<p><img class=\"size-full wp-image-4005 aligncenter\" src=\"https:\/\/anyaszorp.cafeblog.hu\/files\/2017\/10\/hetiii-1.jpg\" alt=\"\" width=\"960\" height=\"960\" \/><\/p>\r\n<p>\u00a0De j\u00f3 a di\u00f3! F\u00fcty\u00fcl a rig\u00f3! Vid\u00e1m dala sz\u00e1ll, \u00e9lni jaj de j\u00f3! Valami ilyesmi volt ez a h\u00e9t! :-)\u00a0<!--more--><\/p>\r\n<p>\u2665 Kezd\u0151d\u00f6tt munkat\u00e1rsi tal\u00e1lkoz\u00f3val. Kolos is velem tartott, de \u00edgy is nagyon j\u00f3l esett a feln\u0151tt besz\u00e9lget\u00e9s, felt\u00f6lt\u00f6tt, \u00e9s j\u00f3 \u00f6tleteket kaptam, p\u00e9ld\u00e1ul az \u00faj otthonkeres\u00e9st illet\u0151en.\u00a0<\/p>\r\n<p>\u2665 V\u00e1ratlanul \u00e9rt, amikor egyik reggel a Ka\u00e1lib\u00f3l telefon\u00e1ltak. Hirtelen azt gondoltam (rem\u00e9ltem? ), ami persze tot\u00e1l k\u00e9ptelens\u00e9g lenne, hogy azt fogj\u00e1k mondani, hogy m\u00e9gis maradt m\u00e9g egy embri\u00f3nk, mehet\u00fcnk \u00e9rte. :-) Ehelyett k\u00e9rdezt\u00e9k, hogy megsz\u00fcletett-e a bab\u00e1nk, mikor, eg\u00e9szs\u00e9ges-e stb. Gondolom, hogy a statisztika miatt kellett. \u00c9n pedig csak v\u00e1laszoltam: - Igen! Itt van! M\u00e1r t\u00edz h\u00f3napos! Eg\u00e9szs\u00e9ges. Minden rendben. A v\u00e9g\u00e9re pedig m\u00e1r patakokban folyt a k\u00f6nnyem. Ilyenkor \u00fajra \u00e9s \u00fajra el\u00e9rz\u00e9keny\u00fcl\u00f6k \u00e9s el\u00f6nti a sz\u00edvem a h\u00e1la, hogy itt van nek\u00fcnk. Igaz\u00e1n szerencs\u00e9s emberek vagyunk!\u00a0\u2665<\/p>\r\n<p>\u2665 Elkezdtem kar\u00e1csonyi dekor\u00e1ci\u00f3t venni. Ezt \u00fagy \u00edrom, mintha folytatn\u00e1m. Igazib\u00f3l nem szok\u00e1som t\u00fal sok d\u00edszt \u00f6sszev\u00e1s\u00e1rolni, nem is lenne hov\u00e1 tenni. Mondjuk ink\u00e1bb \u00fagy, hogy megvettem a kar\u00e1csonyi dekor\u00e1ci\u00f3t, ami egy g\u00f6mb\u00f6s f\u00e9nyf\u00fcz\u00e9r, illetve tal\u00e1ltam kar\u00e1csonyi mint\u00e1s m\u00e9zeskal\u00e1cs szaggat\u00f3kat. Alig v\u00e1rom, hogy Kolossal m\u00e9zeskal\u00e1csokat s\u00fcssek \u00e9s d\u00edsz\u00edtsek! Val\u00f3sz\u00edn\u0171leg egy \u00e9vet v\u00e1rnom kell r\u00e1, de most is biztosan sz\u00edvesen seg\u00e9dkezik az \u00f6sszet\u00f6r\u00e9s\u00fckben :-) Mi\u00f3ta itt van vel\u00fcnk a kis angyalk\u00e1nk, az\u00f3ta nagyon v\u00e1rom az \u00fcnnepeket, mintha minden \u00fcnnepen egy kicsit \u0151t \u00fcnnepeln\u00e9nk.\u00a0<\/p>\r\n<p>\u2665 J\u00f3g\u00e1n is j\u00e1rtam. Kikapcsol\u00f3 \u00e9s lelkes\u00edt\u0151 \u00f3ra volt. Annyira j\u00f3 kis csapat vagyunk a j\u00f3gat\u00e1rsakkal! \u00c9ppen azt sz\u00e1moltuk, hogy h\u00e1rom \u00e9ve m\u00e1r, hogy egy\u00fctt tapossuk a matracot! Nagyon h\u00e1l\u00e1s vagyok, hogy ennyi csod\u00e1latos ember vesz k\u00f6rbe. Ford\u00edtott p\u00f3zokat gyakoroltunk, amib\u0151l azt\u00e1n nagy \u00f6r\u00f6m \u00e9s sok k\u00e9p lett. A ford\u00edtott testhelyzetek engem nagyon feldobnak, szabads\u00e1g \u00e9rzetem lesz t\u0151l\u00fck. Vannak a j\u00f3g\u00e1ban is id\u0151szakok, nekem j\u00f3 ideje a mellkasnyit\u00e1s van porondon. Azt k\u00e9ri a testem, sok dolgom van vele, \u00fagy \u00e9rzem.\u00a0\u00a0<\/p>\r\n<p>\u2665 Nehezen \u00e9s s\u00edr\u00f3san indult a h\u00e9tf\u0151nk, de azt\u00e1n nagyokat aludt Kolos d\u00e9lut\u00e1nonk\u00e9nt. R\u00e1ad\u00e1sul n\u00e9lk\u00fclem, eg\u00e9szen sok \u00e9nid\u0151t hagyva. M\u00e9g egy filmet is megn\u00e9ztem a h\u00e9ten! Ez m\u00e1r vagy az \u00f6t\u00f6dik, mi\u00f3ta anya vagyok :-) Egy\u00e9bk\u00e9nt biztosan meg tudtam volna n\u00e9zni t\u00f6bbet is, ha annyira akartam volna, de mi\u00f3ta kevesebb az id\u0151, v\u00e1lasztanom kell, \u00e9s \u00e9n ink\u00e1bb j\u00f3g\u00e1zom. Mostan\u00e1ban az emeleti folyos\u00f3n est\u00e9nk\u00e9nt :-) Senki sem l\u00e1t, senki sem tud r\u00f3la, \u00fagy \u00e9rzem magam, mint egy kezein \u00e1ll\u00f3 szelleml\u00e1ny. Az\u00e9rt megn\u00e9zn\u00e9m a szomsz\u00e9dok arc\u00e1t, ha egyszer v\u00e9letlen\u00fcl ki tal\u00e1ln\u00e1nak ilyenkor j\u00f6nni az ajt\u00f3n. :-) A filmet (Teljesen idegenek), amit n\u00e9ztem aj\u00e1nlom: elgondolkodtat\u00f3, humoros \u00e9s nagyon olasz. :-)<a href=\"https:\/\/indavideo.hu\/video\/Teljesen_idegenek_teljes_film\"> Itt tal\u00e1lhat\u00f3, n\u00e9zhet\u0151<\/a>.\u00a0<\/p>\r\n<p>\u2665 H\u00e1rom napot t\u00f6lt\u00f6tt\u00fcnk h\u00e1rmasban, mint a mes\u00e9ben. :-) Itt j\u00e1rtak apuk\u00e1m\u00e9k egyik nap. Ell\u00e1ttak minden finoms\u00e1ggal \u00e9s Kolost j\u00e1t\u00e9kokkal (m\u00e1r sziv\u00e1rognak az els\u0151 sz\u00fclinapos j\u00e1t\u00e9kok). Mi is vend\u00e9geskedt\u00fcnk a szomsz\u00e9dban az \u00faj szomsz\u00e9dokn\u00e1l, ma pedig megk\u00f6sz\u00f6nt\u00f6tt\u00fck a kicsi keresztfi\u00fankat sz\u00fclinapja alkalm\u00e1b\u00f3l. Kolos egyre jobban \u00e9rzi mag\u00e1t idegenek t\u00e1rsas\u00e1g\u00e1ban. Eleinte f\u00e9l\u0151s, majd sz\u00e9gyenl\u0151sen k\u00f6zel\u00edt az ismeretlenek fel\u00e9. Mosolyog r\u00e1juk, \u00e9s ha visszamosolyognak, akkor belef\u00farja a pofij\u00e1t a ruh\u00e1mba. Ez m\u00e1r olyan kisfi\u00fas dolog t\u0151le. Hol a kisbab\u00e1m?\u00a0<\/p>\r\n<p>J\u00f3 kis h\u00e9t volt, nem csoda, hogy t\u00f3t\u00e1gast \u00e1lltam oly sokszor!\u00a0<\/p>\r\n<p>Legyen sz\u00e9p hetetek! Ha esik, ha f\u00faj, csak az\u00e9rt is! :-)<\/p>\r\n<p>Gabi\u00a0<span style=\"color: #ff0000\">\u2665<\/span><\/p>","type":"rich","thumbnail_url":"https:\/\/anyaszorp.cafeblog.hu\/files\/2017\/10\/hetiii-1-150x150.jpg","thumbnail_width":150,"thumbnail_height":150}