{"version":"1.0","provider_name":"Anyasz\u00f6rp","provider_url":"https:\/\/anyaszorp.cafeblog.hu","author_name":"Gabvak","author_url":"https:\/\/anyaszorp.cafeblog.hu\/author\/gabvak\/","title":"Heti \u00f6r\u00f6m\u00f6k","html":"<p><img class=\" wp-image-4030 aligncenter\" src=\"https:\/\/anyaszorp.cafeblog.hu\/files\/2017\/10\/hetiiii.jpg\" alt=\"\" width=\"960\" height=\"960\" \/><\/p>\r\n<p>Heti \u00f6r\u00f6m\u00f6k es\u0151ben, kedves \u00fczenetekkel \u00e9s \u0151szi fut\u00e1ssal.\u00a0<!--more--><\/p>\r\n<p>\u2665 Igazi \u0151sz\u00fcnk lett. A h\u00e9t elej\u00e9n napos id\u0151ben siker\u00fclt m\u00e9g babakocsival futnunk, majd k\u00e9zen\u00e1ll\u00e1st gyakoroltam az avarban :-) El\u00e9g bugyut\u00e1n hangzik, ha sokszor azt \u00e9rzem, hogy amikor j\u00f3g\u00e1zom egy helyen, azt azzal jobban magam\u00e9v\u00e1 tudom tenni? A sz\u00ednes falev\u00e9lsz\u0151nyeg is \u00edgy lett az eny\u00e9m. :-) Ism\u00e9t eljutottam j\u00f3g\u00e1ra is!\u00a0<\/p>\r\n<p>\u2665 Ha m\u00e1r \u0151szi k\u00e9nyeztet\u00e9sn\u00e9l tartunk, a h\u00e9t k\u00f6zep\u00e9n a tizediken lak\u00f3 bar\u00e1tn\u0151mt\u0151l kapott s\u00fct\u0151t\u00f6k\u00f6s kr\u00e9mleves \u00e9s karfiolkeny\u00e9r volt az eb\u00e9dem. Im\u00e1dom a h\u0171v\u00f6s napokon, ha s\u00fcl valami a s\u00fct\u0151ben. Melegs\u00e9g \u00e9s illat j\u00e1rja \u00e1t a kicsi lak\u00e1sunkat.\u00a0<\/p>\r\n<p>\u2665 Kolosom k\u00e9tszer is csajozott a h\u00e9ten :-) Egyik munkat\u00e1rsam l\u00e1togatott meg minket a pici l\u00e1ny\u00e1val, a h\u00e9tv\u00e9g\u00e9n pedig mi utaztunk vid\u00e9kre, \u00e9s ott tal\u00e1lkoztunk ismer\u0151s kisl\u00e1nnyal. Nagyon \u00e9desek voltak egy\u00fctt, Kolosom a k\u00e9pen igazi csajoz\u00f3s p\u00f3zt vetett be.:-)<\/p>\r\n<p>\u2665 <a href=\"https:\/\/www.facebook.com\/events\/312357935905777\/\">\"Kedves \u00fczenetek\" nap<\/a> is a h\u00e9ten volt. Friss kezdem\u00e9nyez\u00e9sr\u0151l van sz\u00f3, de szerintem \u00e9vr\u0151l \u00e9vre t\u00f6bben csatlakoznak. Kedves \u00fczenetet kell kiragasztani ezen a napon v\u00e1rosszerte, \u00e9s megeshet, hogy te is tal\u00e1lsz magadnak egyet. Hideg volt aznap, \u00e9s csak a k\u00f6rny\u00e9k\u00fcnk\u00f6n j\u00e1rtam, \u00edgy \u00e9n nem tal\u00e1ltam nekem sz\u00f3l\u00f3t. Ezen a napon a viszonzatlan ad\u00e1st gyakoroltam, \u00e9s j\u00f3 \u00e9rz\u00e9s volt azt hinni, hogy valakinek valamelyik \u00fczenetem j\u00f3l esett azon a napon.\u00a0<\/p>\r\n<p>\u2665 R\u00e9g nem l\u00e1tott csal\u00e1dtagok megl\u00e1togat\u00e1sa, besz\u00e9lget\u00e9sek, friss leveg\u0151, \u00f6lel\u00e9sek, finoms\u00e1gok. Kolosnak mostant\u00f3l kezdve a vid\u00e9ki kiruccan\u00e1sok ext\u00e1zissz\u00e1mba mennek. K\u00e9pzelj\u00e9tek kih\u00fazta az egyik cica egyik bajusz\u00e1t! Igazi rosszcsonti kezd lenni! :-)<\/p>\r\n<p>\u2665 Vettem a b\u00e1tors\u00e1got \u00e9s \u00edrtam az egyik legnagyobb <a href=\"https:\/\/www.instagram.com\/yogamom.journey\/\">j\u00f3gaanyu p\u00e9ldak\u00e9pemnek<\/a>! T\u00f6bb p\u00e9ldak\u00e9pem is van, \u00e9s gyakran \u00e9rzem, hogy egyik-m\u00e1sikt\u00f3l sz\u00edvesen tanuln\u00e9k. \u00cdrtam neki \u00e9s hamarosan v\u00e1laszolt, azt\u00e1n folytat\u00e1sos levelez\u00e9sbe kezdt\u00fcnk. Roppant \u00e9rdekes egy \u00fczenettel \u00e1tszelni a vil\u00e1got, \u00e9s a vil\u00e1g m\u00e1sik v\u00e9g\u00e9n \u00e9l\u0151 ember gondolkod\u00e1s\u00e1t megismerni.\u00a0<\/p>\r\n<p>Sokat esett a h\u00e9ten, itt az \u0151sz menthetetlen\u00fcl, meg\u00e9rkeztek a koras\u00f6t\u00e9t est\u00e9k! K\u00edv\u00e1nok meleg takar\u00f3t, forr\u00f3 te\u00e1t, \u00e9s minden egy\u00e9b sz\u00edvmelenget\u0151t okt\u00f3ber utols\u00f3 napjain.<\/p>\r\n<p>Sz\u00e9p hetet!<\/p>\r\n<p>Gabi\u00a0<span style=\"color: #ff0000\">\u2665<\/span><\/p>","type":"rich","thumbnail_url":"https:\/\/anyaszorp.cafeblog.hu\/files\/2017\/10\/hetiiii-150x150.jpg","thumbnail_width":150,"thumbnail_height":150}